{"id":641,"date":"2019-05-16T19:24:27","date_gmt":"2019-05-16T19:24:27","guid":{"rendered":"https:\/\/www.isfdaycare.org\/home\/"},"modified":"2021-11-19T19:03:38","modified_gmt":"2021-11-19T19:03:38","slug":"home","status":"publish","type":"page","link":"https:\/\/www.isfdaycare.org\/fr\/","title":{"rendered":"Accueil"},"content":{"rendered":"<p>[vc_row][vc_column offset=\u00a0\u00bbvc_hidden-lg vc_hidden-md vc_hidden-sm\u00a0\u00bb css=\u00a0\u00bb.vc_custom_1560195778120{padding-top: 25px !important;}\u00a0\u00bb][vc_single_image image=\u00a0\u00bb311&Prime; alignment=\u00a0\u00bbcenter\u00a0\u00bb][vc_column_text css=\u00a0\u00bb.vc_custom_1562424721788{padding-top: 60px !important;padding-bottom: 0px !important;}\u00a0\u00bb]<\/p>\n<h3 style=\"text-align: center;\"><span style=\"color: #0d2d54;\"><strong>ISF INTERNATIONAL CR\u00c8CHE<\/strong><\/span><\/h3>\n<h4 style=\"text-align: center;\"><span style=\"color: #0d2d54;\">Grandir, Apprendre, Briller<\/span><\/h4>\n<p>[\/vc_column_text][\/vc_column][\/vc_row][vc_row css=\u00a0\u00bb.vc_custom_1560197377418{margin-top: 0px !important;border-top-width: 0px !important;padding-top: 0px !important;background-position: center !important;background-repeat: no-repeat !important;background-size: cover !important;}\u00a0\u00bb][vc_column offset=\u00a0\u00bbvc_hidden-xs\u00a0\u00bb css=\u00a0\u00bb.vc_custom_1560197551709{margin-top: 0px !important;border-top-width: 0px !important;padding-top: 0px !important;}\u00a0\u00bb]<div class=\"fullwidth-block clearfix\" style=\"background-image: url(https:\/\/www.isfdaycare.org\/wp-content\/uploads\/2019\/06\/slide2_comp.jpg);background-repeat: no-repeat; background-size: cover;background-position: center top;\">[vc_row_inner equal_height=\u00a0\u00bbyes\u00a0\u00bb content_placement=\u00a0\u00bbtop\u00a0\u00bb el_id=\u00a0\u00bbhome_page_img\u00a0\u00bb css=\u00a0\u00bb.vc_custom_1560195182726{padding-top: 50px !important;padding-right: 25px !important;padding-left: 25px !important;}\u00a0\u00bb][vc_column_inner width=\u00a0\u00bb1\/6&Prime;][vc_column_text]<\/p>\n<p><img loading=\"lazy\" decoding=\"async\" class=\"vc_single_image-img attachment-thumbnail\" src=\"https:\/\/www.isfdaycare.org\/wp-content\/uploads\/2019\/06\/cropped-icon-180x180-150x150.png\" sizes=\"auto, (max-width: 150px) 100vw, 150px\" srcset=\"https:\/\/www.isfdaycare.org\/wp-content\/uploads\/2019\/06\/cropped-icon-180x180-150x150.png 150w, https:\/\/www.isfdaycare.org\/wp-content\/uploads\/2019\/06\/cropped-icon-180x180.png 180w\" alt=\"\" width=\"150\" height=\"150\" \/>[\/vc_column_text][\/vc_column_inner][vc_column_inner width=\u00a0\u00bb3\/6&Prime;][vc_column_text css=\u00a0\u00bb.vc_custom_1562424749935{padding-top: 60px !important;padding-bottom: 0px !important;}\u00a0\u00bb]<\/p>\n<h2 style=\"text-align: center;\"><span style=\"color: #0d2d54;\"><strong>ISF INTERNATIONAL CR\u00c8CHE<\/strong><\/span><\/h2>\n<h3 style=\"text-align: center;\"><span style=\"color: #0d2d54;\">Grandir, Apprendre, Briller<\/span><\/h3>\n<p>[\/vc_column_text][\/vc_column_inner][vc_column_inner width=\u00a0\u00bb2\/6&Prime;][vc_column_text]<\/p>\n<p>&nbsp;<\/p>\n<p>&nbsp;<\/p>\n<p>&nbsp;<\/p>\n<p>&nbsp;<\/p>\n<p>[\/vc_column_text][\/vc_column_inner][\/vc_row_inner]<\/div>[\/vc_column][\/vc_row][vc_row][vc_column]<div class=\"fullwidth-block clearfix\" style=\"background-position: center top;\">[vc_row_inner css=\u00a0\u00bb.vc_custom_1560193633011{padding-right: 25px !important;padding-left: 25px !important;}\u00a0\u00bb][vc_column_inner width=\u00a0\u00bb1\/3&Prime;][vc_column_text css=\u00a0\u00bb.vc_custom_1561112388622{padding-top: 25px !important;padding-right: 25px !important;padding-bottom: 25px !important;padding-left: 25px !important;background-color: #103362 !important;border-radius: 10px !important;}\u00a0\u00bb]<\/p>\n<p style=\"text-align: center;\"><span style=\"color: #ffffff;\">A daycare with a caring, stimulating and safe environment for babies from 6 weeks to 2.5 years.<br \/>\nEnglish, Dutch and French languages offered.<br \/>\nSupervised by Kind &amp; Gezin.<\/span><\/p>\n<p>[\/vc_column_text][\/vc_column_inner][vc_column_inner width=\u00a0\u00bb1\/3&Prime;][vc_column_text css=\u00a0\u00bb.vc_custom_1559312917735{padding-top: 25px !important;padding-right: 25px !important;padding-bottom: 25px !important;padding-left: 25px !important;background-color: #103362 !important;border-radius: 10px !important;}\u00a0\u00bb]<\/p>\n<p style=\"text-align: center;\"><span style=\"color: #ffffff;\">Een kinderopvang met zorgzame, stimulerende en veilige omgeving voor baby\u2019s van 6 weken tot 2.5 jaar.<br \/>\nEngels, Nederlands en Frans.<br \/>\nBegeleid door Kind &amp; Gezin.<br \/>\n<\/span><\/p>\n<p>[\/vc_column_text][\/vc_column_inner][vc_column_inner width=\u00a0\u00bb1\/3&Prime;][vc_column_text css=\u00a0\u00bb.vc_custom_1559312925711{padding-top: 25px !important;padding-right: 25px !important;padding-bottom: 25px !important;padding-left: 25px !important;background-color: #103362 !important;border-radius: 10px !important;}\u00a0\u00bb]<\/p>\n<p style=\"text-align: center;\"><span style=\"color: #ffffff;\">Une cr\u00e8che avec un environnement attentif, stimulant et s\u00fbr pour les b\u00e9b\u00e9s de 6 semaines \u00e0 2.5 ans.<br \/>\nLangues Anglaise, N\u00e9erlandaise et Fran\u00e7aise offertes.<br \/>\nSupervis\u00e9 par Kind &amp; Gezin.<br \/>\n<\/span><\/p>\n<p>[\/vc_column_text][\/vc_column_inner][\/vc_row_inner]<\/div>[\/vc_column][\/vc_row][vc_row][vc_column]<div class=\"fullwidth-block clearfix\" style=\"background-color: #0167b2;background-position: center top;\">[vc_row_inner css=\u00a0\u00bb.vc_custom_1560193000132{padding-top: 25px !important;padding-right: 25px !important;padding-bottom: 25px !important;padding-left: 25px !important;background-color: #0167b2 !important;}\u00a0\u00bb][vc_column_inner width=\u00a0\u00bb1\/2&Prime;][vc_column_text css=\u00a0\u00bb.vc_custom_1562502988597{padding-top: 25px !important;padding-right: 25px !important;padding-bottom: 25px !important;padding-left: 25px !important;background-color: #ffffff !important;background-position: 0 0 !important;background-repeat: no-repeat !important;border-radius: 10px !important;}\u00a0\u00bb]<\/p>\n<h3 style=\"text-align: center;\">ISF International CR\u00c8CHE Waterloo<\/h3>\n<p><img loading=\"lazy\" decoding=\"async\" class=\"vc_single_image-img attachment-thumbnail aligncenter\" src=\"https:\/\/www.isfdaycare.org\/wp-content\/uploads\/2019\/06\/cropped-icon-180x180-150x150.png\" sizes=\"auto, (max-width: 150px) 100vw, 150px\" srcset=\"https:\/\/www.isfdaycare.org\/wp-content\/uploads\/2019\/06\/cropped-icon-180x180-150x150.png 150w, https:\/\/www.isfdaycare.org\/wp-content\/uploads\/2019\/06\/cropped-icon-180x180.png 180w\" alt=\"\" width=\"150\" height=\"150\" \/><\/p>\n<div class=\"sc-list\">\n<ul>\n<li>15 places<\/li>\n<li>Ratio enfants\/personnel de 1:5<\/li>\n<li>Multilingue: Anglais, N\u00e9erlandais et Fran\u00e7ais<\/li>\n<li>Tarification en march\u00e9 libre<\/li>\n<li>Ouvert de 7 h 30 \u00e0 17 h 30 (ou 18 h 30 moyennant un suppl\u00e9ment)<\/li>\n<\/ul>\n<\/div>\n<p style=\"text-align: center;\"><a class=\"sc-button\" style=\"background-color: ##23c9ff;\" href=\"\/isfwaterloo\/fr\/creche-waterloo\/\" target=\"_self\" rel=\"noopener noreferrer\">Lire la suite<\/a><\/p>\n<p>[\/vc_column_text][\/vc_column_inner][vc_column_inner width=\u00a0\u00bb1\/2&Prime;][vc_column_text css=\u00a0\u00bb.vc_custom_1562503013625{padding-top: 25px !important;padding-right: 25px !important;padding-bottom: 25px !important;padding-left: 25px !important;background-color: #ffffff !important;background-position: 0 0 !important;background-repeat: no-repeat !important;border-radius: 10px !important;}\u00a0\u00bb]<\/p>\n<h3 style=\"text-align: center;\">ISF International CR\u00c8CHE Tervuren<\/h3>\n<p><img loading=\"lazy\" decoding=\"async\" class=\"vc_single_image-img attachment-thumbnail aligncenter\" src=\"https:\/\/www.isfdaycare.org\/wp-content\/uploads\/2019\/06\/cropped-icon-180x180-150x150.png\" sizes=\"auto, (max-width: 150px) 100vw, 150px\" srcset=\"https:\/\/www.isfdaycare.org\/wp-content\/uploads\/2019\/06\/cropped-icon-180x180-150x150.png 150w, https:\/\/www.isfdaycare.org\/wp-content\/uploads\/2019\/06\/cropped-icon-180x180.png 180w\" alt=\"\" width=\"150\" height=\"150\" \/><\/p>\n<div class=\"sc-list\">\n<ul>\n<li>46 places<\/li>\n<li>1:5 child to staff ratio<\/li>\n<li>Multi-lingual: English, Dutch and French<\/li>\n<li>Income based pricing<\/li>\n<li>Open 7.30-18.30<\/li>\n<\/ul>\n<\/div>\n<p style=\"text-align: center;\"><a class=\"sc-button \" style=\"background-color: ##23c9ff;\" href=\"\/isftervuren\/fr\/creche-tervuren\/\" target=\"_self\" rel=\"noopener noreferrer\">Lire la suite<\/a><\/p>\n<p>[\/vc_column_text][\/vc_column_inner][\/vc_row_inner]<\/div>[\/vc_column][\/vc_row][vc_row][vc_column]<div class=\"fullwidth-block clearfix\" style=\"background-position: center top;\">[vc_row_inner css=\u00a0\u00bb.vc_custom_1560900381084{padding-right: 25px !important;padding-left: 25px !important;}\u00a0\u00bb el_id=\u00a0\u00bbfindUs\u00a0\u00bb][vc_column_inner width=\u00a0\u00bb1\/4&Prime;][vc_column_text]<\/p>\n<h3 style=\"text-align: center;\">Comment Nous Trouver<\/h3>\n<p>[\/vc_column_text][vc_column_text]<\/p>\n<p style=\"text-align: left;\"><span style=\"color: #0d2d54; font-size: 25px; font-style: normal; font-weight: bold;\">ISF International CR\u00c8CHE Waterloo<\/span><\/p>\n<address style=\"color: #0d2d54; font-size: 17px; font-style: normal; font-weight: bold; display: block; position: relative;\"><a style=\"color: #0d2d54;\" href=\"https:\/\/goo.gl\/maps\/1nmQWttk6PijvRsu8\" target=\"_blank\" rel=\"noopener noreferrer\"> <span class=\"icon\" style=\"color: #23c9ff;\">\ue791<\/span> Waterloosesteenweg 280<br \/>\n1640 Sint-Genesius-Rode<br \/>\nBelgium<\/a><br \/>\n<a style=\"color: #0d2d54;\" href=\"tel:+32473121344\"><span class=\"icon\" style=\"color: #23c9ff;\">\ue812<\/span> +32 473 12 13 44<\/a><br \/>\n<a style=\"color: #0d2d54;\" title=\"Contact ISFWaterloo@isfdaycare.org\" href=\"mailto:ISFWaterloo@isfdaycare.org\"><span class=\"icon\" style=\"color: #23c9ff;\">\ue767<\/span> Email Us<\/a><\/address>\n<p><a class=\"sc-button\" href=\"\/fr\/contact\/\" target=\"_self\" rel=\"noopener noreferrer\">Contactez nous<\/a>[\/vc_column_text]<div class=\"clearboth\"><\/div><div class=\"sc-divider sc-divider-style-2\" style=\"margin-top: 7px;margin-bottom: 20px;border-color: #efefef;\"><\/div>[vc_column_text]<\/p>\n<p style=\"text-align: left;\"><span style=\"color: #0d2d54; font-size: 25px; font-style: normal; font-weight: bold;\">ISF International CR\u00c8CHE Tervuren<\/span><\/p>\n<address class=\"aligncenter\" style=\"color: #0d2d54; font-size: 17px; font-style: normal; font-weight: bold; display: block; position: relative;\"><a style=\"color: #0d2d54;\" href=\"https:\/\/goo.gl\/maps\/gBL1ujRnFhrVtaD27\" target=\"_blank\" rel=\"noopener noreferrer\"><span class=\"icon\" style=\"color: #23c9ff;\">\ue791<\/span> Stationsstraat 6<br \/>\n3080 Tervuren<br \/>\nBelgium<\/a><br \/>\n<a style=\"color: #0d2d54;\" href=\"tel:+32470117503\"><span class=\"icon\" style=\"color: #23c9ff;\">\ue812<\/span> +32 470 11 75 03<\/a><br \/>\n<a style=\"color: #0d2d54;\" title=\"Contact ISFTervuren@isfdaycare.org\" href=\"mailto:ISFTervuren@isfdaycare.org\"><span class=\"icon\" style=\"color: #23c9ff;\">\ue767<\/span> Email Us<\/a><\/address>\n<p><a class=\"sc-button\" href=\"\/fr\/contact\/\" target=\"_self\" rel=\"noopener noreferrer\">Contactez nous<\/a>[\/vc_column_text][\/vc_column_inner][vc_column_inner width=\u00a0\u00bb3\/4&Prime;][vc_gmaps link=\u00a0\u00bb#E-8_aHR0cHMlM0ElMkYlMkZ3d3cuZ29vZ2xlLmNvbSUyRm1hcHMlMkZkJTJGZW1iZWQlM0ZtaWQlM0QxTkFxallWRUE5WkpBb3JaVlBYSVlOcnhHYXI4cEwyN1AlMjZsbCUzRDUwLjgxMzkxMDIwMDUwOTk0NSUyNTJDNC40MDU3OTc1NTU1OTIzNTglMjZ6JTNEMTE=\u00a0\u00bb size=\u00a0\u00bb730&Prime;][\/vc_column_inner][\/vc_row_inner]<\/div>[\/vc_column][\/vc_row]<\/p>\n","protected":false},"excerpt":{"rendered":"<p>[vc_row][vc_column offset=\u00a0\u00bbvc_hidden-lg vc_hidden-md vc_hidden-sm\u00a0\u00bb css=\u00a0\u00bb.vc_custom_1560195778120{padding-top: 25px !important;}\u00a0\u00bb][vc_single_image image=\u00a0\u00bb311&Prime; alignment=\u00a0\u00bbcenter\u00a0\u00bb][vc_column_text css=\u00a0\u00bb.vc_custom_1562424721788{padding-top: 60px !important;padding-bottom: 0px !important;}\u00a0\u00bb] ISF INTERNATIONAL CR\u00c8CHE Grandir, Apprendre, Briller&#8230;<\/p>\n","protected":false},"author":1,"featured_media":0,"parent":0,"menu_order":0,"comment_status":"closed","ping_status":"open","template":"","meta":{"footnotes":""},"class_list":["post-641","page","type-page","status-publish","hentry"],"yoast_head":"<!-- This site is optimized with the Yoast SEO plugin v26.5 - https:\/\/yoast.com\/wordpress\/plugins\/seo\/ -->\n<title>ISF International CR\u00c8CHE - Waterloo &amp; Tervuren<\/title>\n<meta name=\"description\" content=\"Une cr\u00e8che avec un environnement attentif, stimulant et s\u00fbr pour les b\u00e9b\u00e9s de 6 semaines \u00e0 2.5 ans.Langues Anglaise, N\u00e9erlandaise et Fran\u00e7aise offertes.Supervis\u00e9 par Kind &amp; Gezin.\" \/>\n<meta name=\"robots\" content=\"index, follow, max-snippet:-1, max-image-preview:large, max-video-preview:-1\" \/>\n<link rel=\"canonical\" href=\"https:\/\/www.isfdaycare.org\/fr\/\" \/>\n<meta property=\"og:locale\" content=\"fr_FR\" \/>\n<meta property=\"og:type\" content=\"article\" \/>\n<meta property=\"og:title\" content=\"ISF International CR\u00c8CHE - Waterloo &amp; Tervuren\" \/>\n<meta property=\"og:description\" content=\"Une cr\u00e8che avec un environnement attentif, stimulant et s\u00fbr pour les b\u00e9b\u00e9s de 6 semaines \u00e0 2.5 ans.Langues Anglaise, N\u00e9erlandaise et Fran\u00e7aise offertes.Supervis\u00e9 par Kind &amp; Gezin.\" \/>\n<meta property=\"og:url\" content=\"https:\/\/www.isfdaycare.org\/fr\/\" \/>\n<meta property=\"og:site_name\" content=\"ISF International CR\u00c8CHE\" \/>\n<meta property=\"article:publisher\" content=\"https:\/\/www.facebook.com\/isfinternationaldaycare\/\" \/>\n<meta property=\"article:modified_time\" content=\"2021-11-19T19:03:38+00:00\" \/>\n<meta property=\"og:image\" content=\"https:\/\/www.isfdaycare.org\/wp-content\/uploads\/2019\/06\/cropped-icon-180x180-150x150.png\" \/>\n<meta name=\"twitter:card\" content=\"summary_large_image\" \/>\n<meta name=\"twitter:label1\" content=\"Dur\u00e9e de lecture estim\u00e9e\" \/>\n\t<meta name=\"twitter:data1\" content=\"3 minutes\" \/>\n<script type=\"application\/ld+json\" class=\"yoast-schema-graph\">{\"@context\":\"https:\/\/schema.org\",\"@graph\":[{\"@type\":\"WebPage\",\"@id\":\"https:\/\/www.isfdaycare.org\/fr\/\",\"url\":\"https:\/\/www.isfdaycare.org\/fr\/\",\"name\":\"ISF International CR\u00c8CHE - Waterloo & Tervuren\",\"isPartOf\":{\"@id\":\"https:\/\/www.isfdaycare.org\/fr\/#website\"},\"primaryImageOfPage\":{\"@id\":\"https:\/\/www.isfdaycare.org\/fr\/#primaryimage\"},\"image\":{\"@id\":\"https:\/\/www.isfdaycare.org\/fr\/#primaryimage\"},\"thumbnailUrl\":\"https:\/\/www.isfdaycare.org\/wp-content\/uploads\/2019\/06\/cropped-icon-180x180-150x150.png\",\"datePublished\":\"2019-05-16T19:24:27+00:00\",\"dateModified\":\"2021-11-19T19:03:38+00:00\",\"description\":\"Une cr\u00e8che avec un environnement attentif, stimulant et s\u00fbr pour les b\u00e9b\u00e9s de 6 semaines \u00e0 2.5 ans.Langues Anglaise, N\u00e9erlandaise et Fran\u00e7aise offertes.Supervis\u00e9 par Kind & Gezin.\",\"breadcrumb\":{\"@id\":\"https:\/\/www.isfdaycare.org\/fr\/#breadcrumb\"},\"inLanguage\":\"fr-FR\",\"potentialAction\":[{\"@type\":\"ReadAction\",\"target\":[\"https:\/\/www.isfdaycare.org\/fr\/\"]}]},{\"@type\":\"ImageObject\",\"inLanguage\":\"fr-FR\",\"@id\":\"https:\/\/www.isfdaycare.org\/fr\/#primaryimage\",\"url\":\"https:\/\/www.isfdaycare.org\/wp-content\/uploads\/2019\/06\/cropped-icon-180x180-150x150.png\",\"contentUrl\":\"https:\/\/www.isfdaycare.org\/wp-content\/uploads\/2019\/06\/cropped-icon-180x180-150x150.png\"},{\"@type\":\"BreadcrumbList\",\"@id\":\"https:\/\/www.isfdaycare.org\/fr\/#breadcrumb\",\"itemListElement\":[{\"@type\":\"ListItem\",\"position\":1,\"name\":\"Home\",\"item\":\"https:\/\/www.isfdaycare.org\/fr\/\"},{\"@type\":\"ListItem\",\"position\":2,\"name\":\"Accueil\"}]},{\"@type\":\"WebSite\",\"@id\":\"https:\/\/www.isfdaycare.org\/fr\/#website\",\"url\":\"https:\/\/www.isfdaycare.org\/fr\/\",\"name\":\"ISF International CR\u00c8CHE\",\"description\":\"Grandir, apprendre, briller en Tervuren et Waterloo\",\"publisher\":{\"@id\":\"https:\/\/www.isfdaycare.org\/fr\/#organization\"},\"potentialAction\":[{\"@type\":\"SearchAction\",\"target\":{\"@type\":\"EntryPoint\",\"urlTemplate\":\"https:\/\/www.isfdaycare.org\/fr\/?s={search_term_string}\"},\"query-input\":{\"@type\":\"PropertyValueSpecification\",\"valueRequired\":true,\"valueName\":\"search_term_string\"}}],\"inLanguage\":\"fr-FR\"},{\"@type\":\"Organization\",\"@id\":\"https:\/\/www.isfdaycare.org\/fr\/#organization\",\"name\":\"ISF International DAYCARE\",\"url\":\"https:\/\/www.isfdaycare.org\/fr\/\",\"logo\":{\"@type\":\"ImageObject\",\"inLanguage\":\"fr-FR\",\"@id\":\"https:\/\/www.isfdaycare.org\/fr\/#\/schema\/logo\/image\/\",\"url\":\"https:\/\/www.isfdaycare.org\/wp-content\/uploads\/2019\/06\/cropped-icon-180x180.png\",\"contentUrl\":\"https:\/\/www.isfdaycare.org\/wp-content\/uploads\/2019\/06\/cropped-icon-180x180.png\",\"width\":180,\"height\":180,\"caption\":\"ISF International DAYCARE\"},\"image\":{\"@id\":\"https:\/\/www.isfdaycare.org\/fr\/#\/schema\/logo\/image\/\"},\"sameAs\":[\"https:\/\/www.facebook.com\/isfinternationaldaycare\/\"]}]}<\/script>\n<!-- \/ Yoast SEO plugin. -->","yoast_head_json":{"title":"ISF International CR\u00c8CHE - Waterloo & Tervuren","description":"Une cr\u00e8che avec un environnement attentif, stimulant et s\u00fbr pour les b\u00e9b\u00e9s de 6 semaines \u00e0 2.5 ans.Langues Anglaise, N\u00e9erlandaise et Fran\u00e7aise offertes.Supervis\u00e9 par Kind & Gezin.","robots":{"index":"index","follow":"follow","max-snippet":"max-snippet:-1","max-image-preview":"max-image-preview:large","max-video-preview":"max-video-preview:-1"},"canonical":"https:\/\/www.isfdaycare.org\/fr\/","og_locale":"fr_FR","og_type":"article","og_title":"ISF International CR\u00c8CHE - Waterloo & Tervuren","og_description":"Une cr\u00e8che avec un environnement attentif, stimulant et s\u00fbr pour les b\u00e9b\u00e9s de 6 semaines \u00e0 2.5 ans.Langues Anglaise, N\u00e9erlandaise et Fran\u00e7aise offertes.Supervis\u00e9 par Kind & Gezin.","og_url":"https:\/\/www.isfdaycare.org\/fr\/","og_site_name":"ISF International CR\u00c8CHE","article_publisher":"https:\/\/www.facebook.com\/isfinternationaldaycare\/","article_modified_time":"2021-11-19T19:03:38+00:00","og_image":[{"url":"https:\/\/www.isfdaycare.org\/wp-content\/uploads\/2019\/06\/cropped-icon-180x180-150x150.png","type":"","width":"","height":""}],"twitter_card":"summary_large_image","twitter_misc":{"Dur\u00e9e de lecture estim\u00e9e":"3 minutes"},"schema":{"@context":"https:\/\/schema.org","@graph":[{"@type":"WebPage","@id":"https:\/\/www.isfdaycare.org\/fr\/","url":"https:\/\/www.isfdaycare.org\/fr\/","name":"ISF International CR\u00c8CHE - Waterloo & Tervuren","isPartOf":{"@id":"https:\/\/www.isfdaycare.org\/fr\/#website"},"primaryImageOfPage":{"@id":"https:\/\/www.isfdaycare.org\/fr\/#primaryimage"},"image":{"@id":"https:\/\/www.isfdaycare.org\/fr\/#primaryimage"},"thumbnailUrl":"https:\/\/www.isfdaycare.org\/wp-content\/uploads\/2019\/06\/cropped-icon-180x180-150x150.png","datePublished":"2019-05-16T19:24:27+00:00","dateModified":"2021-11-19T19:03:38+00:00","description":"Une cr\u00e8che avec un environnement attentif, stimulant et s\u00fbr pour les b\u00e9b\u00e9s de 6 semaines \u00e0 2.5 ans.Langues Anglaise, N\u00e9erlandaise et Fran\u00e7aise offertes.Supervis\u00e9 par Kind & Gezin.","breadcrumb":{"@id":"https:\/\/www.isfdaycare.org\/fr\/#breadcrumb"},"inLanguage":"fr-FR","potentialAction":[{"@type":"ReadAction","target":["https:\/\/www.isfdaycare.org\/fr\/"]}]},{"@type":"ImageObject","inLanguage":"fr-FR","@id":"https:\/\/www.isfdaycare.org\/fr\/#primaryimage","url":"https:\/\/www.isfdaycare.org\/wp-content\/uploads\/2019\/06\/cropped-icon-180x180-150x150.png","contentUrl":"https:\/\/www.isfdaycare.org\/wp-content\/uploads\/2019\/06\/cropped-icon-180x180-150x150.png"},{"@type":"BreadcrumbList","@id":"https:\/\/www.isfdaycare.org\/fr\/#breadcrumb","itemListElement":[{"@type":"ListItem","position":1,"name":"Home","item":"https:\/\/www.isfdaycare.org\/fr\/"},{"@type":"ListItem","position":2,"name":"Accueil"}]},{"@type":"WebSite","@id":"https:\/\/www.isfdaycare.org\/fr\/#website","url":"https:\/\/www.isfdaycare.org\/fr\/","name":"ISF International CR\u00c8CHE","description":"Grandir, apprendre, briller en Tervuren et Waterloo","publisher":{"@id":"https:\/\/www.isfdaycare.org\/fr\/#organization"},"potentialAction":[{"@type":"SearchAction","target":{"@type":"EntryPoint","urlTemplate":"https:\/\/www.isfdaycare.org\/fr\/?s={search_term_string}"},"query-input":{"@type":"PropertyValueSpecification","valueRequired":true,"valueName":"search_term_string"}}],"inLanguage":"fr-FR"},{"@type":"Organization","@id":"https:\/\/www.isfdaycare.org\/fr\/#organization","name":"ISF International DAYCARE","url":"https:\/\/www.isfdaycare.org\/fr\/","logo":{"@type":"ImageObject","inLanguage":"fr-FR","@id":"https:\/\/www.isfdaycare.org\/fr\/#\/schema\/logo\/image\/","url":"https:\/\/www.isfdaycare.org\/wp-content\/uploads\/2019\/06\/cropped-icon-180x180.png","contentUrl":"https:\/\/www.isfdaycare.org\/wp-content\/uploads\/2019\/06\/cropped-icon-180x180.png","width":180,"height":180,"caption":"ISF International DAYCARE"},"image":{"@id":"https:\/\/www.isfdaycare.org\/fr\/#\/schema\/logo\/image\/"},"sameAs":["https:\/\/www.facebook.com\/isfinternationaldaycare\/"]}]}},"_links":{"self":[{"href":"https:\/\/www.isfdaycare.org\/fr\/wp-json\/wp\/v2\/pages\/641","targetHints":{"allow":["GET"]}}],"collection":[{"href":"https:\/\/www.isfdaycare.org\/fr\/wp-json\/wp\/v2\/pages"}],"about":[{"href":"https:\/\/www.isfdaycare.org\/fr\/wp-json\/wp\/v2\/types\/page"}],"author":[{"embeddable":true,"href":"https:\/\/www.isfdaycare.org\/fr\/wp-json\/wp\/v2\/users\/1"}],"replies":[{"embeddable":true,"href":"https:\/\/www.isfdaycare.org\/fr\/wp-json\/wp\/v2\/comments?post=641"}],"version-history":[{"count":0,"href":"https:\/\/www.isfdaycare.org\/fr\/wp-json\/wp\/v2\/pages\/641\/revisions"}],"wp:attachment":[{"href":"https:\/\/www.isfdaycare.org\/fr\/wp-json\/wp\/v2\/media?parent=641"}],"curies":[{"name":"wp","href":"https:\/\/api.w.org\/{rel}","templated":true}]}}