{"id":167,"date":"2019-05-19T23:40:32","date_gmt":"2019-05-19T22:40:32","guid":{"rendered":"https:\/\/www.isfdaycare.org\/isftervuren\/about-us-tervuren\/"},"modified":"2021-05-18T21:30:37","modified_gmt":"2021-05-18T20:30:37","slug":"creche-tervuren","status":"publish","type":"page","link":"https:\/\/www.isfdaycare.org\/isftervuren\/fr\/creche-tervuren\/","title":{"rendered":"\u00c0 propos de nous &#8211; Tervuren"},"content":{"rendered":"<p>[vc_row][vc_column width=\u00a0\u00bb1\/2&Prime;][vc_column_text]<\/p>\n<div class=\"sc-list\">\n<ul>\n<li>46 places<\/li>\n<li>Ratio enfants\/personnel de 1:5<\/li>\n<li>Multilingue: Anglais, N\u00e9erlandais et Fran\u00e7ais<\/li>\n<li>Tarification bas\u00e9e sur le revenu<\/li>\n<li>Ouvert de 7 h 30 \u00e0 18 h 30<\/li>\n<\/ul>\n<\/div>\n<p>Lorsque nous avons ouvert notre nouvelle cr\u00e8che \u00e0 Waterloo, en novembre 2016, nous avons lanc\u00e9 notre concept novateur de services de garde d\u2019enfants &#8211; rapidement \u00e9tiquet\u00e9 par les m\u00e9dias comme \u201c<a href=\"\/fr\/news\/our-daycare-on-national-tv-news\/\" rel=\"noopener noreferrer\">Neuro Creche<\/a>\u201d \u2013 En mars 2017, notre cr\u00e8che de Tervuren-Vossem a ouvert.<\/p>\n<p>L\u2019am\u00e9nagement int\u00e9rieur, les d\u00e9corations et les \u00e9quipements de notre cr\u00e8che sont bas\u00e9s sur des recherches scientifiques sur la fa\u00e7on dont les stimuli visuels re\u00e7us par les b\u00e9b\u00e9s conditionnent le d\u00e9veloppement de leur cerveau, et nos designs optimisent ce d\u00e9veloppement.<\/p>\n<p>Dans chacune de nos deux cr\u00e8ches, nous employons du personnel parlant au minimum l\u2019anglais, le fran\u00e7ais et le n\u00e9erlandais, afin que les enfants soient expos\u00e9s \u00e0 toutes les langues tout au long de la journ\u00e9e. L\u2019anglais est la langue principale de la garderie. En outre, nous invitons les parents \u00e0 pr\u00e9ciser la langue qu\u2019ils souhaitent que nous utilisions avec leur enfant. Nous nous basons sur des recherches scientifiques prouvant que le multilinguisme pr\u00e9coce augmente et acc\u00e9l\u00e8re le d\u00e9veloppement du cerveau.[\/vc_column_text][\/vc_column][vc_column width=\u00a0\u00bb1\/2&Prime;][vc_row_inner][vc_column_inner offset=\u00a0\u00bbvc_hidden-lg vc_hidden-md\u00a0\u00bb][vc_images_carousel images=\u00a0\u00bb300,297,291,285,279&Prime; img_size=\u00a0\u00bbmedium\u00a0\u00bb autoplay=\u00a0\u00bbyes\u00a0\u00bb css=\u00a0\u00bb.vc_custom_1621369805845{background-position: center !important;background-repeat: no-repeat !important;background-size: cover !important;}\u00a0\u00bb][\/vc_column_inner][\/vc_row_inner][vc_row_inner][vc_column_inner offset=\u00a0\u00bbvc_hidden-lg vc_hidden-sm vc_hidden-xs\u00a0\u00bb][vc_images_carousel images=\u00a0\u00bb300,297,291,285,279&Prime; img_size=\u00a0\u00bb450&#215;350&Prime; autoplay=\u00a0\u00bbyes\u00a0\u00bb css=\u00a0\u00bb.vc_custom_1621369821066{background-position: center !important;background-repeat: no-repeat !important;background-size: cover !important;}\u00a0\u00bb][\/vc_column_inner][\/vc_row_inner][vc_row_inner][vc_column_inner offset=\u00a0\u00bbvc_hidden-md vc_hidden-sm vc_hidden-xs\u00a0\u00bb][vc_images_carousel images=\u00a0\u00bb300,297,291,285,279&Prime; img_size=\u00a0\u00bb530&#215;350&Prime; autoplay=\u00a0\u00bbyes\u00a0\u00bb css=\u00a0\u00bb.vc_custom_1621369834498{background-position: center !important;background-repeat: no-repeat !important;background-size: cover !important;}\u00a0\u00bb][\/vc_column_inner][\/vc_row_inner][vc_row_inner][vc_column_inner][vc_column_text]Notre cr\u00e8che Tervuren-Vossem est situ\u00e9e \u00e0 c\u00f4t\u00e9 du campus ISF International School de Tervuren. Notre cr\u00e8che de Tervuren occupe l\u2019int\u00e9gralit\u00e9 de l\u2019\u00e9difice de l\u2019\u00e9cole maternelle d\u2019origine du village. Elle a \u00e9t\u00e9 r\u00e9nov\u00e9e et con\u00e7ue pour am\u00e9liorer le stimulus visuel des enfants de mani\u00e8re scientifique. Cette cr\u00e8che est autoris\u00e9e \u00e0 accueillir 46 enfants \u00e2g\u00e9s de 6 semaines et plus. Les heures d\u2019ouverture sont de 07 h 30 \u00e0 18 h 30.<\/p>\n<p>\u00c0 la fin de leur parcours \u00e0 la cr\u00e8che, les enfants sont accueillis \u00e0 partir de 2,5 ans en maternelle dans l\u2019une de nos \u00e9coles ISF International.<\/p>\n<p>Plus d\u2019informations ici:<\/p>\n<p><a href=\"http:\/\/www.isftervuren.org\" target=\"_blank\" rel=\"noopener noreferrer\">www.isftervuren.org<\/a>[\/vc_column_text][\/vc_column_inner][\/vc_row_inner][\/vc_column][\/vc_row]<\/p>\n","protected":false},"excerpt":{"rendered":"<p>[vc_row][vc_column width=\u00a0\u00bb1\/2&Prime;][vc_column_text] 46 places Ratio enfants\/personnel de 1:5 Multilingue: Anglais, N\u00e9erlandais et Fran\u00e7ais Tarification bas\u00e9e sur le revenu Ouvert de&#8230;<\/p>\n","protected":false},"author":1,"featured_media":0,"parent":0,"menu_order":0,"comment_status":"closed","ping_status":"closed","template":"","meta":{"footnotes":""},"class_list":["post-167","page","type-page","status-publish","hentry"],"yoast_head":"<!-- This site is optimized with the Yoast SEO plugin v26.5 - https:\/\/yoast.com\/wordpress\/plugins\/seo\/ -->\n<title>Cr\u00e8che Tervuren<\/title>\n<meta name=\"description\" content=\"46 places \/ Ratio enfants\/personnel de 1:5 \/ Multilingue: Anglais, N\u00e9erlandais et Fran\u00e7ais \/ Tarification bas\u00e9e sur le revenu \/ Ouvert de 7 h 30 \u00e0 18 h 30\" \/>\n<meta name=\"robots\" content=\"index, follow, max-snippet:-1, max-image-preview:large, max-video-preview:-1\" \/>\n<link rel=\"canonical\" href=\"https:\/\/www.isfdaycare.org\/isftervuren\/fr\/creche-tervuren\/\" \/>\n<meta property=\"og:locale\" content=\"fr_FR\" \/>\n<meta property=\"og:type\" content=\"article\" \/>\n<meta property=\"og:title\" content=\"Cr\u00e8che Tervuren\" \/>\n<meta property=\"og:description\" content=\"46 places \/ Ratio enfants\/personnel de 1:5 \/ Multilingue: Anglais, N\u00e9erlandais et Fran\u00e7ais \/ Tarification bas\u00e9e sur le revenu \/ Ouvert de 7 h 30 \u00e0 18 h 30\" \/>\n<meta property=\"og:url\" content=\"https:\/\/www.isfdaycare.org\/isftervuren\/fr\/creche-tervuren\/\" \/>\n<meta property=\"og:site_name\" content=\"Isf Tervuren Cr\u00e8che\" \/>\n<meta property=\"article:publisher\" content=\"https:\/\/www.facebook.com\/isfinternationaldaycare\/\" \/>\n<meta property=\"article:modified_time\" content=\"2021-05-18T20:30:37+00:00\" \/>\n<meta name=\"twitter:card\" content=\"summary_large_image\" \/>\n<meta name=\"twitter:label1\" content=\"Dur\u00e9e de lecture estim\u00e9e\" \/>\n\t<meta name=\"twitter:data1\" content=\"2 minutes\" \/>\n<script type=\"application\/ld+json\" class=\"yoast-schema-graph\">{\"@context\":\"https:\/\/schema.org\",\"@graph\":[{\"@type\":\"WebPage\",\"@id\":\"https:\/\/www.isfdaycare.org\/isftervuren\/fr\/creche-tervuren\/\",\"url\":\"https:\/\/www.isfdaycare.org\/isftervuren\/fr\/creche-tervuren\/\",\"name\":\"Cr\u00e8che Tervuren\",\"isPartOf\":{\"@id\":\"https:\/\/www.isfdaycare.org\/isftervuren\/fr\/#website\"},\"datePublished\":\"2019-05-19T22:40:32+00:00\",\"dateModified\":\"2021-05-18T20:30:37+00:00\",\"description\":\"46 places \/ Ratio enfants\/personnel de 1:5 \/ Multilingue: Anglais, N\u00e9erlandais et Fran\u00e7ais \/ Tarification bas\u00e9e sur le revenu \/ Ouvert de 7 h 30 \u00e0 18 h 30\",\"breadcrumb\":{\"@id\":\"https:\/\/www.isfdaycare.org\/isftervuren\/fr\/creche-tervuren\/#breadcrumb\"},\"inLanguage\":\"fr-FR\",\"potentialAction\":[{\"@type\":\"ReadAction\",\"target\":[\"https:\/\/www.isfdaycare.org\/isftervuren\/fr\/creche-tervuren\/\"]}]},{\"@type\":\"BreadcrumbList\",\"@id\":\"https:\/\/www.isfdaycare.org\/isftervuren\/fr\/creche-tervuren\/#breadcrumb\",\"itemListElement\":[{\"@type\":\"ListItem\",\"position\":1,\"name\":\"Home\",\"item\":\"https:\/\/www.isfdaycare.org\/isftervuren\/fr\/\"},{\"@type\":\"ListItem\",\"position\":2,\"name\":\"\u00c0 propos de nous &#8211; Tervuren\"}]},{\"@type\":\"WebSite\",\"@id\":\"https:\/\/www.isfdaycare.org\/isftervuren\/fr\/#website\",\"url\":\"https:\/\/www.isfdaycare.org\/isftervuren\/fr\/\",\"name\":\"Isf Tervuren Cr\u00e8che\",\"description\":\"Grandir, Apprendre, Briller\",\"publisher\":{\"@id\":\"https:\/\/www.isfdaycare.org\/isftervuren\/fr\/#organization\"},\"potentialAction\":[{\"@type\":\"SearchAction\",\"target\":{\"@type\":\"EntryPoint\",\"urlTemplate\":\"https:\/\/www.isfdaycare.org\/isftervuren\/fr\/?s={search_term_string}\"},\"query-input\":{\"@type\":\"PropertyValueSpecification\",\"valueRequired\":true,\"valueName\":\"search_term_string\"}}],\"inLanguage\":\"fr-FR\"},{\"@type\":\"Organization\",\"@id\":\"https:\/\/www.isfdaycare.org\/isftervuren\/fr\/#organization\",\"name\":\"Isf Tervuren Cr\u00e8che\",\"url\":\"https:\/\/www.isfdaycare.org\/isftervuren\/fr\/\",\"logo\":{\"@type\":\"ImageObject\",\"inLanguage\":\"fr-FR\",\"@id\":\"https:\/\/www.isfdaycare.org\/isftervuren\/fr\/#\/schema\/logo\/image\/\",\"url\":\"https:\/\/www.isfdaycare.org\/isftervuren\/wp-content\/uploads\/sites\/3\/2019\/06\/cropped-icon-200x200.png\",\"contentUrl\":\"https:\/\/www.isfdaycare.org\/isftervuren\/wp-content\/uploads\/sites\/3\/2019\/06\/cropped-icon-200x200.png\",\"width\":200,\"height\":201,\"caption\":\"Isf Tervuren Cr\u00e8che\"},\"image\":{\"@id\":\"https:\/\/www.isfdaycare.org\/isftervuren\/fr\/#\/schema\/logo\/image\/\"},\"sameAs\":[\"https:\/\/www.facebook.com\/isfinternationaldaycare\/\"]}]}<\/script>\n<!-- \/ Yoast SEO plugin. -->","yoast_head_json":{"title":"Cr\u00e8che Tervuren","description":"46 places \/ Ratio enfants\/personnel de 1:5 \/ Multilingue: Anglais, N\u00e9erlandais et Fran\u00e7ais \/ Tarification bas\u00e9e sur le revenu \/ Ouvert de 7 h 30 \u00e0 18 h 30","robots":{"index":"index","follow":"follow","max-snippet":"max-snippet:-1","max-image-preview":"max-image-preview:large","max-video-preview":"max-video-preview:-1"},"canonical":"https:\/\/www.isfdaycare.org\/isftervuren\/fr\/creche-tervuren\/","og_locale":"fr_FR","og_type":"article","og_title":"Cr\u00e8che Tervuren","og_description":"46 places \/ Ratio enfants\/personnel de 1:5 \/ Multilingue: Anglais, N\u00e9erlandais et Fran\u00e7ais \/ Tarification bas\u00e9e sur le revenu \/ Ouvert de 7 h 30 \u00e0 18 h 30","og_url":"https:\/\/www.isfdaycare.org\/isftervuren\/fr\/creche-tervuren\/","og_site_name":"Isf Tervuren Cr\u00e8che","article_publisher":"https:\/\/www.facebook.com\/isfinternationaldaycare\/","article_modified_time":"2021-05-18T20:30:37+00:00","twitter_card":"summary_large_image","twitter_misc":{"Dur\u00e9e de lecture estim\u00e9e":"2 minutes"},"schema":{"@context":"https:\/\/schema.org","@graph":[{"@type":"WebPage","@id":"https:\/\/www.isfdaycare.org\/isftervuren\/fr\/creche-tervuren\/","url":"https:\/\/www.isfdaycare.org\/isftervuren\/fr\/creche-tervuren\/","name":"Cr\u00e8che Tervuren","isPartOf":{"@id":"https:\/\/www.isfdaycare.org\/isftervuren\/fr\/#website"},"datePublished":"2019-05-19T22:40:32+00:00","dateModified":"2021-05-18T20:30:37+00:00","description":"46 places \/ Ratio enfants\/personnel de 1:5 \/ Multilingue: Anglais, N\u00e9erlandais et Fran\u00e7ais \/ Tarification bas\u00e9e sur le revenu \/ Ouvert de 7 h 30 \u00e0 18 h 30","breadcrumb":{"@id":"https:\/\/www.isfdaycare.org\/isftervuren\/fr\/creche-tervuren\/#breadcrumb"},"inLanguage":"fr-FR","potentialAction":[{"@type":"ReadAction","target":["https:\/\/www.isfdaycare.org\/isftervuren\/fr\/creche-tervuren\/"]}]},{"@type":"BreadcrumbList","@id":"https:\/\/www.isfdaycare.org\/isftervuren\/fr\/creche-tervuren\/#breadcrumb","itemListElement":[{"@type":"ListItem","position":1,"name":"Home","item":"https:\/\/www.isfdaycare.org\/isftervuren\/fr\/"},{"@type":"ListItem","position":2,"name":"\u00c0 propos de nous &#8211; Tervuren"}]},{"@type":"WebSite","@id":"https:\/\/www.isfdaycare.org\/isftervuren\/fr\/#website","url":"https:\/\/www.isfdaycare.org\/isftervuren\/fr\/","name":"Isf Tervuren Cr\u00e8che","description":"Grandir, Apprendre, Briller","publisher":{"@id":"https:\/\/www.isfdaycare.org\/isftervuren\/fr\/#organization"},"potentialAction":[{"@type":"SearchAction","target":{"@type":"EntryPoint","urlTemplate":"https:\/\/www.isfdaycare.org\/isftervuren\/fr\/?s={search_term_string}"},"query-input":{"@type":"PropertyValueSpecification","valueRequired":true,"valueName":"search_term_string"}}],"inLanguage":"fr-FR"},{"@type":"Organization","@id":"https:\/\/www.isfdaycare.org\/isftervuren\/fr\/#organization","name":"Isf Tervuren Cr\u00e8che","url":"https:\/\/www.isfdaycare.org\/isftervuren\/fr\/","logo":{"@type":"ImageObject","inLanguage":"fr-FR","@id":"https:\/\/www.isfdaycare.org\/isftervuren\/fr\/#\/schema\/logo\/image\/","url":"https:\/\/www.isfdaycare.org\/isftervuren\/wp-content\/uploads\/sites\/3\/2019\/06\/cropped-icon-200x200.png","contentUrl":"https:\/\/www.isfdaycare.org\/isftervuren\/wp-content\/uploads\/sites\/3\/2019\/06\/cropped-icon-200x200.png","width":200,"height":201,"caption":"Isf Tervuren Cr\u00e8che"},"image":{"@id":"https:\/\/www.isfdaycare.org\/isftervuren\/fr\/#\/schema\/logo\/image\/"},"sameAs":["https:\/\/www.facebook.com\/isfinternationaldaycare\/"]}]}},"_links":{"self":[{"href":"https:\/\/www.isfdaycare.org\/isftervuren\/fr\/wp-json\/wp\/v2\/pages\/167","targetHints":{"allow":["GET"]}}],"collection":[{"href":"https:\/\/www.isfdaycare.org\/isftervuren\/fr\/wp-json\/wp\/v2\/pages"}],"about":[{"href":"https:\/\/www.isfdaycare.org\/isftervuren\/fr\/wp-json\/wp\/v2\/types\/page"}],"author":[{"embeddable":true,"href":"https:\/\/www.isfdaycare.org\/isftervuren\/fr\/wp-json\/wp\/v2\/users\/1"}],"replies":[{"embeddable":true,"href":"https:\/\/www.isfdaycare.org\/isftervuren\/fr\/wp-json\/wp\/v2\/comments?post=167"}],"version-history":[{"count":5,"href":"https:\/\/www.isfdaycare.org\/isftervuren\/fr\/wp-json\/wp\/v2\/pages\/167\/revisions"}],"predecessor-version":[{"id":306,"href":"https:\/\/www.isfdaycare.org\/isftervuren\/fr\/wp-json\/wp\/v2\/pages\/167\/revisions\/306"}],"wp:attachment":[{"href":"https:\/\/www.isfdaycare.org\/isftervuren\/fr\/wp-json\/wp\/v2\/media?parent=167"}],"curies":[{"name":"wp","href":"https:\/\/api.w.org\/{rel}","templated":true}]}}